{"id":230,"date":"2022-06-16T10:30:17","date_gmt":"2022-06-16T08:30:17","guid":{"rendered":"http:\/\/interalia.lu\/societe\/"},"modified":"2026-02-23T09:42:43","modified_gmt":"2026-02-23T08:42:43","slug":"das-unternehmen","status":"publish","type":"page","link":"https:\/\/interalia.lu\/de\/das-unternehmen\/","title":{"rendered":"Das Unternehmen"},"content":{"rendered":"<p>[vc_section full_width=&#8220;stretch_row&#8220; el_id=&#8220;intro&#8220; css=&#8220;.vc_custom_1655375454089{background: #5bc5f2 url(\/wp-content\/uploads\/2022\/06\/Group-610-1.png?id=156) !important;}&#8220;][vc_row][vc_column width=&#8220;1\/2&#8243;][vc_column_text]<\/p>\n<h1 class=\"upper\">\u00dcber uns<\/h1>\n<p>[\/vc_column_text][\/vc_column][vc_column width=&#8220;1\/2&#8243;][\/vc_column][\/vc_row][vc_row full_width=&#8220;stretch_row_content_no_spaces&#8220; el_class=&#8220;skew-bot-row skew-bot-row-light&#8220;][vc_column][\/vc_column][\/vc_row][\/vc_section][vc_section full_width=&#8220;stretch_row&#8220; css=&#8220;.vc_custom_1655375465073{background-color: #5bc5f2 !important;}&#8220; el_class=&#8220;top-pad-4&#8243;][vc_row el_class=&#8220;squeeze-row&#8220;][vc_column][vc_column_text el_class=&#8220;white&#8220;]Das im Jahr 2018 gegr\u00fcndete Studienb\u00fcro InterAlia bietet L\u00f6sungen f\u00fcr den Umweltschutz an, die den Herausforderungen, die mit den <strong>Wasserressourcen<\/strong>, der <strong>Landwirtschaft<\/strong>, der <strong>nachhaltigen Bodennutzung <\/strong>und der Entwicklung der Bio\u00f6konomie verbunden sind, gerecht werden.<\/p>\n<p>Unser Team baut auf der langj\u00e4hrigen Erfahrung auf, die das Studienb\u00fcro G\u00e9oconseils und die LSC-Gruppe gesammelt haben. Das im Laufe der Jahre gesammelte fundierte Wissen \u00fcber Wasserressourcen hat dazu gef\u00fchrt, dass neue Bed\u00fcrfnisse bez\u00fcglich der Bewirtschaftung und des Schutzes dieser Ressource entstanden sind.<\/p>\n<p>InterAlia hat sich nun auf die Entwicklung <strong>nachhaltiger L\u00f6sungen <\/strong>f\u00fcr verschiedene Branchen, und insbesondere f\u00fcr die Landwirtschaft, spezialisiert.<\/p>\n<p>Die effiziente Umsetzung dieser L\u00f6sungen ist an die Entwicklung <strong>umweltvertr\u00e4glicher <\/strong>Formen der Landwirtschaft und Bodennutzung sowie die Verbreitung von Wirtschaftsmodellen gekoppelt, die <strong>Produkte und Werkstoffe aus nachwachsenden Rohstoffen (biobasierte Produkte)<\/strong> einbeziehen.<\/p>\n<p>Unsere F\u00e4higkeiten im Bereich <strong>Projektentwicklung und Projektmanagement <\/strong>sowie betreffend die <strong>Koordinierung von Partnerschaften <\/strong>z\u00e4hlen zu den St\u00e4rken und Besonderheiten von InterAlia, die f\u00fcr den Erfolg des Unternehmens unerl\u00e4sslich sind.[\/vc_column_text][vc_btn title=&#8220;Leistungs\u00fcbersicht&#8220; align=&#8220;center&#8220; link=&#8220;url:%2Fwp-content%2Fuploads%2F2022%2F07%2FIA-COM-SUP-PII-20220304-FP-DE.pdf|target:_blank&#8220; el_class=&#8220;cta-btn cta-btn-white&#8220;][\/vc_column][\/vc_row][vc_row full_width=&#8220;stretch_row_content_no_spaces&#8220; el_class=&#8220;skew-bot-row skew-bot-row-special&#8220;][vc_column][\/vc_column][\/vc_row][\/vc_section][vc_section full_width=&#8220;stretch_row&#8220; css=&#8220;.vc_custom_1655375636482{background-color: #008fc9 !important;}&#8220; el_class=&#8220;top-pad-6&#8243;][vc_row][vc_column][vc_column_text]<\/p>\n<h2 class=\"al-center white upper bot-mar-2\">Die Bausteine unseres Erfolgs \/ unsere Werte<\/h2>\n<p>[\/vc_column_text][\/vc_column][\/vc_row][vc_row el_id=&#8220;value-row&#8220;][vc_column width=&#8220;1\/3&#8243;][vc_single_image image=&#8220;154&#8243; img_size=&#8220;full&#8220; alignment=&#8220;center&#8220;][vc_column_text el_class=&#8220;white&#8220;]<\/p>\n<h3 class=\"upper\">Ein offenes Ohr und Einsatzbereitschaft<\/h3>\n<p>Egal um welche Art von Projekt es sich handelt, jedes Vorhaben muss entsprechend dem vom Kunden gew\u00fcnschten Zweck individuell analysiert werden. InterAlia verfolgt bei allen Projekten einen personalisierten Ansatz, sowohl in Bezug auf menschliche Aspekte als auch was die technischen Faktoren anbelangt. Unsere Teams bem\u00fchen sich fortw\u00e4hrend, auf Ihre Bed\u00fcrfnisse einzugehen und Sie bei Ihren Projekten objektiv und effizient zu beraten.[\/vc_column_text][\/vc_column][vc_column width=&#8220;1\/3&#8243;][vc_single_image image=&#8220;158&#8243; img_size=&#8220;full&#8220; alignment=&#8220;center&#8220;][vc_column_text el_class=&#8220;white&#8220;]<\/p>\n<h3 class=\"upper\">Qualit\u00e4t und Professionalit\u00e4t<\/h3>\n<p>Dank unserer kompetenten und erfahrenen Mitarbeiter sowie unserer Strategie der kontinuierlichen Weiterbildung sowohl im Rahmen unternehmensinterner als auch externer Schulungen sind wir in der Lage, komplexe Aufgaben anzugehen und geeignete, optimierte sowie innovative L\u00f6sungen zu erarbeiten.<br \/>\nWir streben stets nach Verbesserung und Exzellenz in allen Belangen, sodass unsere Kunden in den Genuss qualitativ hochwertiger Leistungen kommen, die einen wahren Mehrwert f\u00fcr Ihr Projekt darstellen.[\/vc_column_text][\/vc_column][vc_column width=&#8220;1\/3&#8243;][vc_single_image image=&#8220;160&#8243; img_size=&#8220;full&#8220; alignment=&#8220;center&#8220;][vc_column_text el_class=&#8220;white&#8220;]<\/p>\n<h3 class=\"upper\">Interdisziplinarit\u00e4t<\/h3>\n<p>Teamarbeit nimmt in unserem Unternehmen einen \u00e4u\u00dferst hohen Stellenwert ein. Unsere Mitarbeiter sind auf verschiedene Fachgebiete spezialisiert, die einander erg\u00e4nzen, sodass wir mit fundierten Kenntnissen in den Bereichen Ressourcenmanagement (Wasser, Boden), Agrar\u00f6kologie, Bio\u00f6konomie, Projektentwicklung uvm. aufwarten k\u00f6nnen. Die Zusammenarbeit mit den verschiedenen Konzerngesellschaften der LSC-Gruppe erm\u00f6glicht es dem Unternehmen InterAlia au\u00dferdem, auf umfassendes Fachwissen in T\u00e4tigkeitsbereichen zur\u00fcckzugreifen, die mit seinen Gesch\u00e4ftsfeldern in Zusammenhang stehen (Hydrologie, Geologie, Geografie, geografische Informationssysteme (GIS), Forstwirtschaft, Stadtplanung, Tiefbau usw.). Durch die Kombination dieser St\u00e4rken und ein gemeinsames, \u00fcbergreifendes Projektmanagement k\u00f6nnen wir h\u00f6chst komplexe und vielf\u00e4ltige Projekte von der Projektierung bis hin zur Ausf\u00fchrung betreuen.[\/vc_column_text][\/vc_column][\/vc_row][vc_row full_width=&#8220;stretch_row_content_no_spaces&#8220; el_class=&#8220;skew-bot-row skew-bot-row-white top-mar-4&#8243;][vc_column][\/vc_column][\/vc_row][\/vc_section][vc_section el_class=&#8220;team-sec top-pad-4&#8243;][vc_row][vc_column][vc_column_text]<\/p>\n<h2 class=\"al-center upper bot-mar-3\">Team<\/h2>\n<p>[\/vc_column_text][\/vc_column][\/vc_row][vc_row full_width=&#8220;stretch_row_content&#8220; equal_height=&#8220;yes&#8220; el_class=&#8220;team-row&#8220;][vc_column width=&#8220;1\/4&#8243;][vc_single_image image=&#8220;152&#8243; img_size=&#8220;full&#8220; alignment=&#8220;center&#8220; el_class=&#8220;no-space-img&#8220;][vc_column_text el_class=&#8220;team-social-overlay&#8220;]<a href=\"https:\/\/www.linkedin.com\/in\/jacques-nau-774a86104\/\" target=\"_blank\" rel=\"nofollow noopener\"><i class=\"fab fa-linkedin-in\"><span class=\"social-placeholder\">.<\/span><\/i><\/a>[\/vc_column_text][vc_column_text el_class=&#8220;team-desc&#8220;]<\/p>\n<h6>Jacques NAU<\/h6>\n<p><span class=\"team-position\">Gesch\u00e4ftsf\u00fchrender Direktor<br \/>\nBioingenieur<\/span>[\/vc_column_text][\/vc_column][vc_column width=&#8220;1\/4&#8243;][vc_single_image image=&#8220;166&#8243; img_size=&#8220;full&#8220; alignment=&#8220;center&#8220; el_class=&#8220;no-space-img&#8220;][vc_column_text el_class=&#8220;team-social-overlay&#8220;]<a href=\"https:\/\/www.linkedin.com\/in\/laurence-pl\u00e8necassagne-880b16225\/\" target=\"_blank\" rel=\"nofollow noopener\"><i class=\"fab fa-linkedin-in\"><span class=\"social-placeholder\">.<\/span><\/i><\/a>[\/vc_column_text][vc_column_text el_class=&#8220;team-desc&#8220;]<\/p>\n<h6>Laurence PL\u00c8NECASSAGNE<\/h6>\n<p><span class=\"team-position\">Verwaltungsratsmitglied<br \/>\nDiplomierte Hydrogeologin<\/span>[\/vc_column_text][\/vc_column][vc_column width=&#8220;1\/4&#8243;][vc_single_image image=&#8220;170&#8243; img_size=&#8220;full&#8220; alignment=&#8220;center&#8220; el_class=&#8220;no-space-img&#8220;][vc_column_text el_class=&#8220;team-social-overlay&#8220;]<a href=\"https:\/\/www.linkedin.com\/in\/anne-clerin-b630abbb\/\" target=\"_blank\" rel=\"nofollow noopener\"><i class=\"fab fa-linkedin-in\"><span class=\"social-placeholder\">.<\/span><\/i><\/a>[\/vc_column_text][vc_column_text el_class=&#8220;team-desc&#8220;]<\/p>\n<h6>Anne CL\u00c9RIN<\/h6>\n<p><span class=\"team-position\">Projektdirektorin<br \/>\nBioingenieur<\/span>[\/vc_column_text][\/vc_column][vc_column width=&#8220;1\/4&#8243;][vc_single_image image=&#8220;175&#8243; img_size=&#8220;full&#8220; alignment=&#8220;center&#8220; el_class=&#8220;no-space-img&#8220;][vc_column_text el_class=&#8220;team-social-overlay&#8220;]<a href=\"https:\/\/www.linkedin.com\/in\/paolomartalo\/\" target=\"_blank\" rel=\"nofollow noopener\"><i class=\"fab fa-linkedin-in\"><span class=\"social-placeholder\">.<\/span><\/i><\/a>[\/vc_column_text][vc_column_text el_class=&#8220;team-desc&#8220;]<\/p>\n<h6>Paolo MARTAL\u00d2<\/h6>\n<p><span class=\"team-position\">Projektdirektor<br \/>\nAgraringenieur<\/span>[\/vc_column_text][\/vc_column][\/vc_row][vc_row full_width=&#8220;stretch_row_content&#8220; equal_height=&#8220;yes&#8220; el_class=&#8220;team-row&#8220; el_id=&#8220;bot-team-row&#8220;][vc_column width=&#8220;1\/4&#8243;][vc_single_image image=&#8220;172&#8243; img_size=&#8220;full&#8220; alignment=&#8220;center&#8220; el_class=&#8220;no-space-img&#8220;][vc_column_text el_class=&#8220;team-social-overlay&#8220;]<a href=\"https:\/\/www.linkedin.com\/in\/guillaume-morren-78b141164\/\" target=\"_blank\" rel=\"nofollow noopener\"><i class=\"fab fa-linkedin-in\"><span class=\"social-placeholder\">.<\/span><\/i><\/a>[\/vc_column_text][vc_column_text el_class=&#8220;team-desc&#8220;]<\/p>\n<h6>Guillaume MORREN<\/h6>\n<p><span class=\"team-position\">Projektleiter<br \/>\nBioingenieur<\/span>[\/vc_column_text][\/vc_column][vc_column width=&#8220;1\/4&#8243;][\/vc_column][vc_column width=&#8220;1\/4&#8243;][\/vc_column][vc_column width=&#8220;1\/4&#8243;][\/vc_column][\/vc_row][\/vc_section][vc_section full_width=&#8220;stretch_row&#8220; css=&#8220;.vc_custom_1655376121574{padding-top: 0px !important;background-image: url(\/wp-content\/uploads\/2022\/06\/Mask-Group-177.jpg?id=164) !important;}&#8220;][vc_row full_width=&#8220;stretch_row_content_no_spaces&#8220; el_class=&#8220;skew-top-row skew-top-row-white&#8220;][vc_column][\/vc_column][\/vc_row][vc_row equal_height=&#8220;yes&#8220; content_placement=&#8220;middle&#8220; el_class=&#8220;top-mar-4&#8243;][vc_column width=&#8220;1\/3&#8243;][vc_single_image image=&#8220;162&#8243; img_size=&#8220;full&#8220; alignment=&#8220;center&#8220; css=&#8220;.vc_custom_1655376142779{margin-bottom: 0px !important;}&#8220;][\/vc_column][vc_column width=&#8220;2\/3&#8243;][vc_column_text]<\/p>\n<h3 id=\"rse-heading\" class=\"upper al-center\"><strong>Unser CSR Ansatz<\/strong><\/h3>\n<p>[\/vc_column_text][vc_column_text]<strong>Am 2. Juli 2019 <\/strong>wollte das Unternehmen seine ethischen Werte konkretisieren, indem es seinen CSR-Ansatz (Corporate Social Responsibility) durch das Label <strong>Socially Responsible Enterprise (SRE)<\/strong> weiterentwickelte. Heute ist CSR, wie auch die Qualit\u00e4t, <strong>ein integraler Bestandteil unseres kontinuierlichen Verbesserungsprozesses<\/strong>. Unser Integriertes Managementsystem (IMS), das auf Gruppenebene zentralisiert ist, gew\u00e4hrleistet die \u00dcberwachung und Umsetzung von Ma\u00dfnahmen in diesem Bereich.[\/vc_column_text][vc_btn title=&#8220;Mehr dazu&#8220; align=&#8220;center&#8220; link=&#8220;url:https%3A%2F%2Flsc-group.lu%2Fde%2Funsere-strategie%2F|target:_blank&#8220; el_class=&#8220;cta-btn&#8220;][\/vc_column][\/vc_row][vc_row full_width=&#8220;stretch_row_content_no_spaces&#8220; el_class=&#8220;skew-bot-row skew-bot-row-white&#8220;][vc_column][\/vc_column][\/vc_row][\/vc_section][vc_section el_class=&#8220;top-mar-4&#8243;][vc_row][vc_column][vc_column_text]<\/p>\n<h2 class=\"al-center upper\"><strong>Die Gruppe<\/strong><\/h2>\n<p>[\/vc_column_text][vc_column_text el_class=&#8220;black&#8220;]Die <strong>LSC Engineering Group<\/strong>, die aus der langj\u00e4hrigen Zusammenarbeit von Simon-Christiansen &amp; Associ\u00e9s mit Luxplan hervorgegangen ist, umfasst heute <strong>neun Unternehmen in Luxemburg <\/strong>und <strong>sechs Unternehmen im Ausland<\/strong>.<\/p>\n<p>Diese Unternehmen b\u00fcndeln jeden Tag ihr Know-how, um den Anforderungen des Markts im <strong>Baubereich und auf dem Gebiet der Raumordnung <\/strong>gerecht zu werden. Mit den angebotenen Leistungen strebt die Gruppe danach, die Bau-, Renovierungs- oder Umbauprojekte <strong>ihrer Kunden in allen Phasen betreuen zu k\u00f6nnen<\/strong>.<\/p>\n<p>Dank des Engagements und des Fachwissens ihres erfahrenen und bereichs\u00fcbergreifend t\u00e4tigen Personals konnte sich die Gruppe im Laufe ihres <strong>44-j\u00e4hrigen Bestehens <\/strong>zu einem <strong>der Marktf\u00fchrer dieser Branche in Luxemburg<\/strong> aufschwingen. Heute hat die Gruppe, die sich durch die Vielfalt ihrer Besch\u00e4ftigten auszeichnet, mehr als <strong>300 Mitarbeiter<\/strong>, wobei sich die Teams aus jungen, dynamischen Talenten und erfahrenen Arbeitnehmern zusammensetzen.[\/vc_column_text][\/vc_column][\/vc_row][vc_row][vc_column][vc_btn title=&#8220;Mehr \u00fcber die Gruppe erfahren&#8220; align=&#8220;center&#8220; link=&#8220;url:https%3A%2F%2Flsc-group.lu|target:_blank&#8220; el_class=&#8220;cta-btn&#8220;][\/vc_column][\/vc_row][vc_row disable_element=&#8220;yes&#8220;][vc_column][vc_column_text el_class=&#8220;al-center black bordered-content top-mar-4 bot-mar-4&#8243;]<strong>Die h\u00e4ufige Zusammenarbeit und geografische N\u00e4he zu den anderen Konzerngesellschaften stellen ohne Zweifel einen betr\u00e4chtlichen Vorteil f\u00fcr InterAlia dar.<\/strong><\/p>\n<p>[\/vc_column_text][\/vc_column][\/vc_row][vc_row disable_element=&#8220;yes&#8220;][vc_column][vc_images_carousel images=&#8220;380,190,178,192,194,420,180,182,411,402,186,188,409,196,453&#8243; img_size=&#8220;full&#8220; onclick=&#8220;custom_link&#8220; custom_links_target=&#8220;_blank&#8220; speed=&#8220;3000&#8243; slides_per_view=&#8220;5&#8243; autoplay=&#8220;yes&#8220; hide_pagination_control=&#8220;yes&#8220; wrap=&#8220;yes&#8220; el_id=&#8220;company-logos&#8220; custom_links=&#8220;#E-8_aHR0cHMlM0ElMkYlMkZiZmgtaW5nZW5pZXVyZS5kZSUyRiUyQ2h0dHBzJTNBJTJGJTJGYnNjLmx1JTJGJTJDaHR0cHMlM0ElMkYlMkZkZXZvbHV4Lmx1JTJGJTJDaHR0cHMlM0ElMkYlMkZnZW9jb25zZWlscy5sdSUyRiUyQ2h0dHBzJTNBJTJGJTJGZ2VvY29uc2VpbHMubHUlMkYlMkNodHRwcyUzQSUyRiUyRmxzYy1lbnYubHUlMkYlMkNodHRwcyUzQSUyRiUyRmx1eHBsYW4ubHUlMkYlMkNodHRwcyUzQSUyRiUyRmx1eHNlbnNlLmx1JTJGJTJDaHR0cHMlM0ElMkYlMkZjYXJsby1tZXJzY2gubHUlMkNodHRwcyUzQSUyRiUyRnNjYWZyaXF1ZS5jb20lMkYlMkNodHRwcyUzQSUyRiUyRnNjLWZyYW5jZS5mciUyRiUyQ2h0dHBzJTNBJTJGJTJGc2ltb24tY2hyaXN0aWFuc2VuLmx1JTJGJTJDaHR0cHMlM0ElMkYlMkZza2lsbHNjZW50ZXIubHUlMkYlMkNodHRwcyUzQSUyRiUyRnppbG1wbGFuLmx1JTJG&#8220;][\/vc_column][\/vc_row][\/vc_section]<\/p>\n","protected":false},"excerpt":{"rendered":"<p>[vc_section full_width=&#8220;stretch_row&#8220; el_id=&#8220;intro&#8220; css=&#8220;.vc_custom_1655375454089{background: #5bc5f2 url(\/wp-content\/uploads\/2022\/06\/Group-610-1.png?id=156) !important;}&#8220;][vc_row][vc_column width=&#8220;1\/2&#8243;][vc_column_text] \u00dcber uns [\/vc_column_text][\/vc_column][vc_column width=&#8220;1\/2&#8243;][\/vc_column][\/vc_row][vc_row full_width=&#8220;stretch_row_content_no_spaces&#8220; el_class=&#8220;skew-bot-row skew-bot-row-light&#8220;][vc_column][\/vc_column][\/vc_row][\/vc_section][vc_section full_width=&#8220;stretch_row&#8220; css=&#8220;.vc_custom_1655375465073{background-color: #5bc5f2 !important;}&#8220; el_class=&#8220;top-pad-4&#8243;][vc_row el_class=&#8220;squeeze-row&#8220;][vc_column][vc_column_text el_class=&#8220;white&#8220;]Das im Jahr 2018 gegr\u00fcndete<span class=\"excerpt-hellip\"> [\u2026]<\/span><\/p>\n","protected":false},"author":1,"featured_media":0,"parent":0,"menu_order":0,"comment_status":"closed","ping_status":"closed","template":"","meta":{"footnotes":""},"class_list":["post-230","page","type-page","status-publish","hentry"],"yoast_head":"<!-- This site is optimized with the Yoast SEO plugin v19.14 - https:\/\/yoast.com\/wordpress\/plugins\/seo\/ -->\n<title>InterAlia - Studienb\u00fcro im Umweltbereich - Vorstellung des Unternehmens<\/title>\n<meta name=\"robots\" content=\"index, follow, max-snippet:-1, max-image-preview:large, max-video-preview:-1\" \/>\n<link rel=\"canonical\" href=\"https:\/\/interalia.lu\/de\/das-unternehmen\/\" \/>\n<meta property=\"og:locale\" content=\"de_DE\" \/>\n<meta property=\"og:type\" content=\"article\" \/>\n<meta property=\"og:title\" content=\"InterAlia - Studienb\u00fcro im Umweltbereich - Vorstellung des Unternehmens\" \/>\n<meta property=\"og:description\" content=\"[vc_section full_width=&#8220;stretch_row&#8220; el_id=&#8220;intro&#8220; css=&#8220;.vc_custom_1655375454089{background: #5bc5f2 url(\/wp-content\/uploads\/2022\/06\/Group-610-1.png?id=156) !important;}&#8220;][vc_row][vc_column width=&#8220;1\/2&#8243;][vc_column_text] \u00dcber uns [\/vc_column_text][\/vc_column][vc_column width=&#8220;1\/2&#8243;][\/vc_column][\/vc_row][vc_row full_width=&#8220;stretch_row_content_no_spaces&#8220; el_class=&#8220;skew-bot-row skew-bot-row-light&#8220;][vc_column][\/vc_column][\/vc_row][\/vc_section][vc_section full_width=&#8220;stretch_row&#8220; css=&#8220;.vc_custom_1655375465073{background-color: #5bc5f2 !important;}&#8220; el_class=&#8220;top-pad-4&#8243;][vc_row el_class=&#8220;squeeze-row&#8220;][vc_column][vc_column_text el_class=&#8220;white&#8220;]Das im Jahr 2018 gegr\u00fcndete [\u2026]\" \/>\n<meta property=\"og:url\" content=\"https:\/\/interalia.lu\/de\/das-unternehmen\/\" \/>\n<meta property=\"og:site_name\" content=\"Interalia\" \/>\n<meta property=\"article:modified_time\" content=\"2026-02-23T08:42:43+00:00\" \/>\n<meta name=\"twitter:card\" content=\"summary_large_image\" \/>\n<meta name=\"twitter:label1\" content=\"Gesch\u00e4tzte Lesezeit\" \/>\n\t<meta name=\"twitter:data1\" content=\"4\u00a0Minuten\" \/>\n<script type=\"application\/ld+json\" class=\"yoast-schema-graph\">{\"@context\":\"https:\/\/schema.org\",\"@graph\":[{\"@type\":\"WebPage\",\"@id\":\"https:\/\/interalia.lu\/de\/das-unternehmen\/\",\"url\":\"https:\/\/interalia.lu\/de\/das-unternehmen\/\",\"name\":\"InterAlia - Studienb\u00fcro im Umweltbereich - Vorstellung des Unternehmens\",\"isPartOf\":{\"@id\":\"https:\/\/interalia.lu\/#website\"},\"datePublished\":\"2022-06-16T08:30:17+00:00\",\"dateModified\":\"2026-02-23T08:42:43+00:00\",\"breadcrumb\":{\"@id\":\"https:\/\/interalia.lu\/de\/das-unternehmen\/#breadcrumb\"},\"inLanguage\":\"de\",\"potentialAction\":[{\"@type\":\"ReadAction\",\"target\":[\"https:\/\/interalia.lu\/de\/das-unternehmen\/\"]}]},{\"@type\":\"BreadcrumbList\",\"@id\":\"https:\/\/interalia.lu\/de\/das-unternehmen\/#breadcrumb\",\"itemListElement\":[{\"@type\":\"ListItem\",\"position\":1,\"name\":\"Home\",\"item\":\"https:\/\/interalia.lu\/de\/\"},{\"@type\":\"ListItem\",\"position\":2,\"name\":\"Das Unternehmen\"}]},{\"@type\":\"WebSite\",\"@id\":\"https:\/\/interalia.lu\/#website\",\"url\":\"https:\/\/interalia.lu\/\",\"name\":\"Interalia\",\"description\":\"Un site utilisant WordPress\",\"inLanguage\":\"de\"}]}<\/script>\n<!-- \/ Yoast SEO plugin. -->","yoast_head_json":{"title":"InterAlia - Studienb\u00fcro im Umweltbereich - Vorstellung des Unternehmens","robots":{"index":"index","follow":"follow","max-snippet":"max-snippet:-1","max-image-preview":"max-image-preview:large","max-video-preview":"max-video-preview:-1"},"canonical":"https:\/\/interalia.lu\/de\/das-unternehmen\/","og_locale":"de_DE","og_type":"article","og_title":"InterAlia - Studienb\u00fcro im Umweltbereich - Vorstellung des Unternehmens","og_description":"[vc_section full_width=&#8220;stretch_row&#8220; el_id=&#8220;intro&#8220; css=&#8220;.vc_custom_1655375454089{background: #5bc5f2 url(\/wp-content\/uploads\/2022\/06\/Group-610-1.png?id=156) !important;}&#8220;][vc_row][vc_column width=&#8220;1\/2&#8243;][vc_column_text] \u00dcber uns [\/vc_column_text][\/vc_column][vc_column width=&#8220;1\/2&#8243;][\/vc_column][\/vc_row][vc_row full_width=&#8220;stretch_row_content_no_spaces&#8220; el_class=&#8220;skew-bot-row skew-bot-row-light&#8220;][vc_column][\/vc_column][\/vc_row][\/vc_section][vc_section full_width=&#8220;stretch_row&#8220; css=&#8220;.vc_custom_1655375465073{background-color: #5bc5f2 !important;}&#8220; el_class=&#8220;top-pad-4&#8243;][vc_row el_class=&#8220;squeeze-row&#8220;][vc_column][vc_column_text el_class=&#8220;white&#8220;]Das im Jahr 2018 gegr\u00fcndete [\u2026]","og_url":"https:\/\/interalia.lu\/de\/das-unternehmen\/","og_site_name":"Interalia","article_modified_time":"2026-02-23T08:42:43+00:00","twitter_card":"summary_large_image","twitter_misc":{"Gesch\u00e4tzte Lesezeit":"4\u00a0Minuten"},"schema":{"@context":"https:\/\/schema.org","@graph":[{"@type":"WebPage","@id":"https:\/\/interalia.lu\/de\/das-unternehmen\/","url":"https:\/\/interalia.lu\/de\/das-unternehmen\/","name":"InterAlia - Studienb\u00fcro im Umweltbereich - Vorstellung des Unternehmens","isPartOf":{"@id":"https:\/\/interalia.lu\/#website"},"datePublished":"2022-06-16T08:30:17+00:00","dateModified":"2026-02-23T08:42:43+00:00","breadcrumb":{"@id":"https:\/\/interalia.lu\/de\/das-unternehmen\/#breadcrumb"},"inLanguage":"de","potentialAction":[{"@type":"ReadAction","target":["https:\/\/interalia.lu\/de\/das-unternehmen\/"]}]},{"@type":"BreadcrumbList","@id":"https:\/\/interalia.lu\/de\/das-unternehmen\/#breadcrumb","itemListElement":[{"@type":"ListItem","position":1,"name":"Home","item":"https:\/\/interalia.lu\/de\/"},{"@type":"ListItem","position":2,"name":"Das Unternehmen"}]},{"@type":"WebSite","@id":"https:\/\/interalia.lu\/#website","url":"https:\/\/interalia.lu\/","name":"Interalia","description":"Un site utilisant WordPress","inLanguage":"de"}]}},"_links":{"self":[{"href":"https:\/\/interalia.lu\/de\/wp-json\/wp\/v2\/pages\/230","targetHints":{"allow":["GET"]}}],"collection":[{"href":"https:\/\/interalia.lu\/de\/wp-json\/wp\/v2\/pages"}],"about":[{"href":"https:\/\/interalia.lu\/de\/wp-json\/wp\/v2\/types\/page"}],"author":[{"embeddable":true,"href":"https:\/\/interalia.lu\/de\/wp-json\/wp\/v2\/users\/1"}],"replies":[{"embeddable":true,"href":"https:\/\/interalia.lu\/de\/wp-json\/wp\/v2\/comments?post=230"}],"version-history":[{"count":16,"href":"https:\/\/interalia.lu\/de\/wp-json\/wp\/v2\/pages\/230\/revisions"}],"predecessor-version":[{"id":461,"href":"https:\/\/interalia.lu\/de\/wp-json\/wp\/v2\/pages\/230\/revisions\/461"}],"wp:attachment":[{"href":"https:\/\/interalia.lu\/de\/wp-json\/wp\/v2\/media?parent=230"}],"curies":[{"name":"wp","href":"https:\/\/api.w.org\/{rel}","templated":true}]}}